{"id":311,"date":"2017-03-18T23:21:00","date_gmt":"2017-03-18T18:21:00","guid":{"rendered":"https:\/\/cerbere.ca\/lexique\/?page_id=311"},"modified":"2017-03-18T23:21:00","modified_gmt":"2017-03-18T18:21:00","slug":"dominant","status":"publish","type":"page","link":"https:\/\/cerbere.ca\/lexique\/dominant\/","title":{"rendered":"Dominant"},"content":{"rendered":"<dl>\n<dt><b>Dominant <\/b><br \/>\n<i>dominant<\/i><\/dt>\n<dd><b>Concerne la paire d\u2019all\u00e8les homologues. Un g\u00e8ne ou all\u00e8le de la paire est dit dominant s\u2019il d\u00e9termine enti\u00e8rement ou additivement l\u2019expression du trait ou du caract\u00e8re dont ce g\u00e8ne est responsable. <\/b><\/dd>\n<dd><b>Par opposition \u00e0 r\u00e9cessif. <\/b><br \/>\n<b><\/b><\/dd>\n<dd><\/dd>\n<dd><b>Voir: <i>r\u00e9cessif<\/i><\/b><\/dd>\n<\/dl>\n<p>&nbsp;<\/p>\n","protected":false},"excerpt":{"rendered":"<p>Dominant dominant Concerne la paire d\u2019all\u00e8les homologues. Un g\u00e8ne ou all\u00e8le de la paire est dit dominant s\u2019il d\u00e9termine enti\u00e8rement ou additivement l\u2019expression du trait ou du caract\u00e8re dont ce g\u00e8ne est responsable. Par opposition \u00e0 r\u00e9cessif. Voir: r\u00e9cessif &nbsp;<\/p>\n","protected":false},"author":1,"featured_media":0,"parent":0,"menu_order":0,"comment_status":"closed","ping_status":"closed","template":"","meta":[],"_links":{"self":[{"href":"https:\/\/cerbere.ca\/lexique\/wp-json\/wp\/v2\/pages\/311"}],"collection":[{"href":"https:\/\/cerbere.ca\/lexique\/wp-json\/wp\/v2\/pages"}],"about":[{"href":"https:\/\/cerbere.ca\/lexique\/wp-json\/wp\/v2\/types\/page"}],"author":[{"embeddable":true,"href":"https:\/\/cerbere.ca\/lexique\/wp-json\/wp\/v2\/users\/1"}],"replies":[{"embeddable":true,"href":"https:\/\/cerbere.ca\/lexique\/wp-json\/wp\/v2\/comments?post=311"}],"version-history":[{"count":1,"href":"https:\/\/cerbere.ca\/lexique\/wp-json\/wp\/v2\/pages\/311\/revisions"}],"predecessor-version":[{"id":313,"href":"https:\/\/cerbere.ca\/lexique\/wp-json\/wp\/v2\/pages\/311\/revisions\/313"}],"wp:attachment":[{"href":"https:\/\/cerbere.ca\/lexique\/wp-json\/wp\/v2\/media?parent=311"}],"curies":[{"name":"wp","href":"https:\/\/api.w.org\/{rel}","templated":true}]}}